{"id":19414,"date":"2021-10-29T07:34:16","date_gmt":"2021-10-29T07:34:16","guid":{"rendered":"https:\/\/entrena-abogados.com\/arees\/"},"modified":"2022-06-07T11:25:33","modified_gmt":"2022-06-07T11:25:33","slug":"arees","status":"publish","type":"page","link":"https:\/\/entrena-santin.com\/ca\/arees\/","title":{"rendered":"\u00c0rees"},"content":{"rendered":"<div class=\"wpb-content-wrapper\"><p>[vc_row css_animation=&#8221;&#8221; row_type=&#8221;row&#8221; use_row_as_full_screen_section=&#8221;no&#8221; type=&#8221;full_width&#8221; angled_section=&#8221;no&#8221; text_align=&#8221;left&#8221; background_image_as_pattern=&#8221;without_pattern&#8221; padding_top=&#8221;120&#8243; z_index=&#8221;&#8221;][vc_column width=&#8221;1\/2&#8243;][qode_elements_holder number_of_columns=&#8221;one_column&#8221;][qode_elements_holder_item advanced_animations=&#8221;no&#8221; item_padding=&#8221;40px 0 0 35%&#8221;][vc_single_image image=&#8221;19329&#8243; img_size=&#8221;full&#8221; qode_css_animation=&#8221;&#8221;][\/qode_elements_holder_item][\/qode_elements_holder][\/vc_column][vc_column width=&#8221;1\/2&#8243;][vc_single_image image=&#8221;19365&#8243; img_size=&#8221;full&#8221; qode_css_animation=&#8221;&#8221;][\/vc_column][\/vc_row][vc_row css_animation=&#8221;&#8221; row_type=&#8221;row&#8221; use_row_as_full_screen_section=&#8221;no&#8221; type=&#8221;grid&#8221; angled_section=&#8221;no&#8221; text_align=&#8221;left&#8221; background_image_as_pattern=&#8221;without_pattern&#8221; z_index=&#8221;&#8221;][vc_column width=&#8221;5\/12&#8243;][\/vc_column][vc_column offset=&#8221;vc_col-lg-7 vc_col-md-7&#8243; el_class=&#8221;qode-disable-margin&#8221; css=&#8221;.vc_custom_1594896263703{margin-top: -105% !important;}&#8221;][qode_elements_holder number_of_columns=&#8221;one_column&#8221;][qode_elements_holder_item advanced_animations=&#8221;no&#8221; background_image=&#8221;166&#8243; item_padding=&#8221;84px 100px 84px 102px&#8221; item_padding_768_1024=&#8221;30px 28px 30px 51px&#8221; item_padding_600_768=&#8221;44px 50px 64px 52px&#8221; item_padding_480_600=&#8221;30px 8px 30px 8px&#8221; item_padding_480=&#8221;30px 8px 30px 8px&#8221; custom_class=&#8221;qode-eh-with-background&#8221;][vc_column_text]<\/p>\n<h2>Gesti\u00f3 de crisi<\/h2>\n<p>[\/vc_column_text][vc_empty_space height=&#8221;22px&#8221;][vc_column_text]Estem immersos en l\u2019era de la globalitzaci\u00f3, en la qual la comunicaci\u00f3 digital fa viral, en segons, l\u2019esclat d\u2019una<strong>crisi corporativa<\/strong>. Els seus efectes s\u00f3n especialment greus quan la crisi s\u2019associa a una investigaci\u00f3 penal en relaci\u00f3 amb l\u2019activitat d\u2019un ens del sector p\u00fablic, que afecta a la reputaci\u00f3 corporativa, pol\u00edtica i personal dels implicats.<\/p>\n<p>&nbsp;<\/p>\n<p>La <strong>prevenci\u00f3, tractament i soluci\u00f3<\/strong>d\u2019aquestes crisis no es pot dur a terme de manera estanca en relaci\u00f3 amb les diferents dimensions del problema. S\u2019han d\u2019establir, evidentment, mecanismes preventius, per\u00f2, si es genera un incident greu, que pot comportar <strong>responsabilitats<\/strong> i tenir efectes <strong>pol\u00edtics, econ\u00f2mics i reputacionals<\/strong>, aquest s\u2019ha d\u2019afrontar tenint en compte tots els aspectes implicats: pol\u00edtic, comunicatiu, jur\u00eddic i reputacional i sense oblidar la millor defensa per a les persones f\u00edsiques implicades.<\/p>\n<p>&nbsp;<\/p>\n<p>Lamentablement, no \u00e9s aquest l\u2019escenari m\u00e9s freq\u00fcent davant aquest tipus de situacions. <strong>La falta de preparaci\u00f3, la inexist\u00e8ncia d\u2019una estrat\u00e8gia meditada<\/strong>, una <strong>err\u00e0tica pol\u00edtica comunicativa<\/strong>, i la <strong>precipitaci\u00f3 en l\u2019adopci\u00f3 de decisions<\/strong>de tot tipus, poden agreujar una situaci\u00f3 ja de per s\u00ed complexa i, m\u00e9s encara, abocar a punts sense retorn, que poden generar danys personals, econ\u00f2mics i reputacionals de molt dif\u00edcil quan no impossible reparaci\u00f3.<\/p>\n<p>&nbsp;<\/p>\n<p>En <strong>ENTRENA&amp;SANT\u00cdN <\/strong>tenim una \u00e0mplia experi\u00e8ncia en la gesti\u00f3 d&#8217;aquesta mena de situacions. Articulem mecanismes preventius i actuem com a coordinadors, assessors i portaveus en el desenvolupament d\u2019una crisi, dissenyant estrat\u00e8gies de defensa i minimitzant els danys corporatius i personals.[\/vc_column_text][\/qode_elements_holder_item][\/qode_elements_holder][\/vc_column][\/vc_row][vc_row css_animation=&#8221;&#8221; row_type=&#8221;row&#8221; use_row_as_full_screen_section=&#8221;no&#8221; type=&#8221;full_width&#8221; angled_section=&#8221;no&#8221; text_align=&#8221;left&#8221; background_image_as_pattern=&#8221;without_pattern&#8221; z_index=&#8221;&#8221; anchor=&#8221;PENAL&#8221;][vc_column width=&#8221;1\/2&#8243;][qode_elements_holder number_of_columns=&#8221;one_column&#8221;][qode_elements_holder_item advanced_animations=&#8221;no&#8221; item_padding=&#8221;40px 0 0 35%&#8221;][vc_single_image image=&#8221;19331&#8243; img_size=&#8221;full&#8221; qode_css_animation=&#8221;&#8221;][\/qode_elements_holder_item][\/qode_elements_holder][\/vc_column][vc_column width=&#8221;1\/2&#8243;][vc_single_image image=&#8221;19330&#8243; img_size=&#8221;full&#8221; qode_css_animation=&#8221;&#8221;][\/vc_column][\/vc_row][vc_row css_animation=&#8221;&#8221; row_type=&#8221;row&#8221; use_row_as_full_screen_section=&#8221;no&#8221; type=&#8221;grid&#8221; angled_section=&#8221;no&#8221; text_align=&#8221;left&#8221; background_image_as_pattern=&#8221;without_pattern&#8221; z_index=&#8221;&#8221;][vc_column width=&#8221;5\/12&#8243;][\/vc_column][vc_column css=&#8221;.vc_custom_1594896244779{margin-top: -105% !important;}&#8221; offset=&#8221;vc_col-lg-7 vc_col-md-7&#8243; el_class=&#8221;qode-disable-margin&#8221;][qode_elements_holder number_of_columns=&#8221;one_column&#8221;][qode_elements_holder_item advanced_animations=&#8221;no&#8221; background_image=&#8221;166&#8243; item_padding=&#8221;84px 100px 84px 102px&#8221; item_padding_768_1024=&#8221;30px 28px 30px 51px&#8221; item_padding_600_768=&#8221;44px 50px 64px 52px&#8221; item_padding_480_600=&#8221;30px 8px 30px 8px&#8221; item_padding_480=&#8221;30px 8px 30px 8px&#8221; custom_class=&#8221;qode-eh-with-background&#8221;][vc_column_text]<\/p>\n<h2>Dret Penal<\/h2>\n<p>[\/vc_column_text][vc_empty_space height=&#8221;22px&#8221;][vc_column_text]Els professionals de <strong>Entrena&amp;Sant\u00edn <\/strong>tenen una dilatada traject\u00f2ria en processos judicials d&#8217;envergadura en tot el territori espanyol. La nostra experi\u00e8ncia professional ens permet dissenyar estrat\u00e8gies de defensa globals, coordinant l\u2019assessorament jur\u00eddic amb els aspectes comunicatius, de pol\u00edtica institucional i la salvaguarda de la imatge de les persones afectades.<\/p>\n<p>&nbsp;<\/p>\n<p><strong>Assessorament jur\u00eddic i intervenci\u00f3 en procediments judicials en tot el territori nacional en l\u2019\u00e0rea de Dret Penal i espec\u00edficament respecte a:<\/strong><\/p>\n<ul>\n<li>Delictes patrimonials: estafes; apropiacions indegudes; insolv\u00e8ncies punibles.<\/li>\n<li>Delictes contra la propietat intel\u00b7lectual i industrial.<\/li>\n<li>Delictes societaris: administraci\u00f3 deslleial, ab\u00fas de posici\u00f3 majorit\u00e0ria, falsedat en les comptes societ\u00e0ries; compet\u00e8ncia deslleial; revelaci\u00f3 de secrets.<\/li>\n<li>Delictes contra la Hisenda P\u00fablica.<\/li>\n<li>Delictes contra els drets dels treballadors.<\/li>\n<li>Delictes urban\u00edstics i contra el medi ambient; construccions il\u00b7legals; contaminaci\u00f3 de s\u00f2ls i atmosfera; contaminaci\u00f3 ac\u00fastica&#8230;<\/li>\n<li>Delictes contra l\u2019Administraci\u00f3 P\u00fablica: malversaci\u00f3, suborn, tr\u00e0fic d\u2019influ\u00e8ncies.<\/li>\n<li>Delictes imprudents: en el tr\u00e0nsit rodat, en l\u2019\u00e0mbit laboral, neglig\u00e8ncies professionals, etc.<\/li>\n<li>Delictes contra l\u2019honor: injuries i calumnies.<\/li>\n<\/ul>\n<p>[\/vc_column_text][\/qode_elements_holder_item][\/qode_elements_holder][\/vc_column][\/vc_row][vc_row css_animation=&#8221;&#8221; row_type=&#8221;row&#8221; use_row_as_full_screen_section=&#8221;no&#8221; type=&#8221;full_width&#8221; angled_section=&#8221;no&#8221; text_align=&#8221;left&#8221; background_image_as_pattern=&#8221;without_pattern&#8221; padding_top=&#8221;120&#8243; z_index=&#8221;&#8221; anchor=&#8221;ADMINISTRATIVO&#8221;][vc_column width=&#8221;1\/2&#8243;][qode_elements_holder number_of_columns=&#8221;one_column&#8221;][qode_elements_holder_item advanced_animations=&#8221;no&#8221; item_padding=&#8221;40px 0 0 35%&#8221;][vc_single_image image=&#8221;19333&#8243; img_size=&#8221;full&#8221; qode_css_animation=&#8221;&#8221;][\/qode_elements_holder_item][\/qode_elements_holder][\/vc_column][vc_column width=&#8221;1\/2&#8243;][vc_single_image image=&#8221;19332&#8243; img_size=&#8221;full&#8221; qode_css_animation=&#8221;&#8221;][\/vc_column][\/vc_row][vc_row css_animation=&#8221;&#8221; row_type=&#8221;row&#8221; use_row_as_full_screen_section=&#8221;no&#8221; type=&#8221;grid&#8221; angled_section=&#8221;no&#8221; text_align=&#8221;left&#8221; background_image_as_pattern=&#8221;without_pattern&#8221; z_index=&#8221;&#8221;][vc_column width=&#8221;5\/12&#8243;][\/vc_column][vc_column css=&#8221;.vc_custom_1528879560527{margin-top: -105% !important;}&#8221; offset=&#8221;vc_col-lg-7 vc_col-md-7&#8243; el_class=&#8221;qode-disable-margin&#8221;][qode_elements_holder number_of_columns=&#8221;one_column&#8221;][qode_elements_holder_item advanced_animations=&#8221;no&#8221; background_image=&#8221;166&#8243; item_padding=&#8221;84px 100px 84px 102px&#8221; item_padding_768_1024=&#8221;30px 28px 30px 51px&#8221; item_padding_600_768=&#8221;44px 50px 64px 52px&#8221; item_padding_480_600=&#8221;30px 8px 30px 8px&#8221; item_padding_480=&#8221;30px 8px 30px 8px&#8221; custom_class=&#8221;qode-eh-with-background&#8221;][vc_column_text]<\/p>\n<h2>Dret Administratiu<\/h2>\n<p>[\/vc_column_text][vc_empty_space height=&#8221;22px&#8221;][vc_column_text]<strong>Entrena&amp;Sant\u00edn Abogados<\/strong> assessora a moltes institucions p\u00fabliques, (ajuntaments, diputacions, fundacions del sector p\u00fablic, consorcis, empreses p\u00fabliques, etc.) i coneix la problem\u00e0tica i el funcionament del sector p\u00fablic i la normativa aplicable.<\/p>\n<p>&nbsp;<\/p>\n<p><strong>Assessorament i defensa dels interessos tant d\u2019Administracions P\u00fabliques com de particulars, en via administrativa i contenciosa, en diferents \u00e0mbits:<\/strong><\/p>\n<ul>\n<li>Responsabilitat patrimonial.<\/li>\n<li>Dret Administratiu sancionador.<\/li>\n<li>Contractaci\u00f3 p\u00fablica.<\/li>\n<li>Funci\u00f3 p\u00fablica.<\/li>\n<li>Urbanisme.<\/li>\n<li>Procediment Contenci\u00f3s-Administratiu i Constitucional.<\/li>\n<li>Dret Administratiu del Medi Ambient.<\/li>\n<li>Subvencions.<\/li>\n<li>Tributs locals: IBI, IAE, ICIO, etc.<\/li>\n<\/ul>\n<p>[\/vc_column_text][\/qode_elements_holder_item][\/qode_elements_holder][\/vc_column][\/vc_row][vc_row css_animation=&#8221;&#8221; row_type=&#8221;row&#8221; use_row_as_full_screen_section=&#8221;no&#8221; type=&#8221;full_width&#8221; angled_section=&#8221;no&#8221; text_align=&#8221;left&#8221; background_image_as_pattern=&#8221;without_pattern&#8221; padding_top=&#8221;120&#8243; z_index=&#8221;&#8221; anchor=&#8221;CONTABLE&#8221;][vc_column width=&#8221;1\/2&#8243;][qode_elements_holder number_of_columns=&#8221;one_column&#8221;][qode_elements_holder_item advanced_animations=&#8221;no&#8221; item_padding=&#8221;40px 0 0 35%&#8221;][vc_single_image image=&#8221;19366&#8243; img_size=&#8221;full&#8221; qode_css_animation=&#8221;&#8221;][\/qode_elements_holder_item][\/qode_elements_holder][\/vc_column][vc_column width=&#8221;1\/2&#8243;][vc_single_image image=&#8221;19405&#8243; img_size=&#8221;full&#8221; qode_css_animation=&#8221;&#8221;][\/vc_column][\/vc_row][vc_row css_animation=&#8221;&#8221; row_type=&#8221;row&#8221; use_row_as_full_screen_section=&#8221;no&#8221; type=&#8221;grid&#8221; angled_section=&#8221;no&#8221; text_align=&#8221;left&#8221; background_image_as_pattern=&#8221;without_pattern&#8221; z_index=&#8221;&#8221;][vc_column width=&#8221;5\/12&#8243;][\/vc_column][vc_column css=&#8221;.vc_custom_1528879560527{margin-top: -105% !important;}&#8221; offset=&#8221;vc_col-lg-7 vc_col-md-7&#8243; el_class=&#8221;qode-disable-margin&#8221;][qode_elements_holder number_of_columns=&#8221;one_column&#8221;][qode_elements_holder_item advanced_animations=&#8221;no&#8221; background_image=&#8221;166&#8243; item_padding=&#8221;84px 100px 84px 102px&#8221; item_padding_768_1024=&#8221;30px 28px 30px 51px&#8221; item_padding_600_768=&#8221;44px 50px 64px 52px&#8221; item_padding_480_600=&#8221;30px 8px 30px 8px&#8221; item_padding_480=&#8221;30px 8px 30px 8px&#8221; custom_class=&#8221;qode-eh-with-background&#8221;][vc_column_text]<\/p>\n<h2>Responsabilitat comptable<\/h2>\n<p>[\/vc_column_text][vc_empty_space height=&#8221;22px&#8221;][vc_column_text]El <strong>TRIBUNAL DE COMPTES<\/strong>t\u00e9 jurisdicci\u00f3 pr\u00f2pia en relaci\u00f3 amb les comptes del sector p\u00fablic. En els \u00faltims temps, la seva activitat ha sigut especialment rigorosa en relaci\u00f3 a la despesa p\u00fablica vinculada a actuacions de car\u00e0cter pol\u00edtic, condemnant a c\u00e0rrecs pol\u00edtics a afrontar important\u00edssimes responsabilitats personals.<\/p>\n<p>&nbsp;<\/p>\n<p>El concepte de <em>comptedonant<\/em>, la responsabilitat dels \u00f2rgans col\u00b7legiats i les particularitats processals de la jurisdicci\u00f3 comptable s\u00f3n conceptes i circumst\u00e0ncies generalment desconegudes per a c\u00e0rrecs electes i empleats p\u00fablics.<\/p>\n<p>&nbsp;<\/p>\n<p>El nostre equip jur\u00eddic t\u00e9 una llarga experi\u00e8ncia en aquest tipus de procediments davant el <strong>TRIBUNAL DE COMPTES<\/strong>, la qual cosa ens permet prestar assessorament preventiu i defensar els interessos dels nostres clients en les diferents fases de la jurisdicci\u00f3 comptable.[\/vc_column_text][\/qode_elements_holder_item][\/qode_elements_holder][\/vc_column][\/vc_row][vc_row css_animation=&#8221;&#8221; row_type=&#8221;row&#8221; use_row_as_full_screen_section=&#8221;no&#8221; type=&#8221;full_width&#8221; angled_section=&#8221;no&#8221; text_align=&#8221;left&#8221; background_image_as_pattern=&#8221;without_pattern&#8221; padding_top=&#8221;120&#8243; z_index=&#8221;&#8221; anchor=&#8221;LOCAL&#8221;][vc_column width=&#8221;1\/2&#8243;][qode_elements_holder number_of_columns=&#8221;one_column&#8221;][qode_elements_holder_item advanced_animations=&#8221;no&#8221; item_padding=&#8221;40px 0 0 35%&#8221;][vc_single_image image=&#8221;19697&#8243; img_size=&#8221;full&#8221; qode_css_animation=&#8221;&#8221;][\/qode_elements_holder_item][\/qode_elements_holder][\/vc_column][vc_column width=&#8221;1\/2&#8243;][vc_single_image image=&#8221;19695&#8243; img_size=&#8221;full&#8221; qode_css_animation=&#8221;&#8221;][\/vc_column][\/vc_row][vc_row css_animation=&#8221;&#8221; row_type=&#8221;row&#8221; use_row_as_full_screen_section=&#8221;no&#8221; type=&#8221;grid&#8221; angled_section=&#8221;no&#8221; text_align=&#8221;left&#8221; background_image_as_pattern=&#8221;without_pattern&#8221; z_index=&#8221;&#8221;][vc_column width=&#8221;5\/12&#8243;][\/vc_column][vc_column css=&#8221;.vc_custom_1528879560527{margin-top: -105% !important;}&#8221; offset=&#8221;vc_col-lg-7 vc_col-md-7&#8243; el_class=&#8221;qode-disable-margin&#8221;][qode_elements_holder number_of_columns=&#8221;one_column&#8221;][qode_elements_holder_item advanced_animations=&#8221;no&#8221; background_image=&#8221;166&#8243; item_padding=&#8221;84px 100px 84px 102px&#8221; item_padding_768_1024=&#8221;30px 28px 30px 51px&#8221; item_padding_600_768=&#8221;44px 50px 64px 52px&#8221; item_padding_480_600=&#8221;30px 8px 30px 8px&#8221; item_padding_480=&#8221;30px 8px 30px 8px&#8221; custom_class=&#8221;qode-eh-with-background&#8221;][vc_column_text]<\/p>\n<h2>Assessorament a l&#8217;administraci\u00f3 local<\/h2>\n<p>[\/vc_column_text][vc_empty_space height=&#8221;22px&#8221;][vc_column_text]<\/p>\n<p class=\"xmsonormal\">ENTRENA &amp; SANTIN t\u00e9 una dilatada traject\u00f2ria en l&#8217;assessorament al sector p\u00fablic local.<\/p>\n<p>&nbsp;<\/p>\n<p class=\"xmsonormal\">RAFAEL ENTRENA \u00e9s lletrat en situaci\u00f3 d&#8217;exced\u00e8ncia del Gabinet Jur\u00eddic de l&#8217;Ajuntament de Barcelona, va ser membre del Comit\u00e8 d&#8217;experts per a la redacci\u00f3 de l&#8217;Avantprojecte de la Llei de Governs Locals de Catalunya i redactor de l&#8217;apartat corresponent a l&#8217;Administraci\u00f3 Local de l&#8217;obra COMENTARIS A LA LLEI DE TRANSPAR\u00c8NCIA, ACC\u00c9S A LA INFORMACI\u00d3 P\u00daBLICA I BON GOVERN (THOMSON REUTERS, 2017)<\/p>\n<p>&nbsp;<\/p>\n<p class=\"xmsonormal\">El despatx assessora nombrosos ens locals: Diputacions, Consells comarcals, Ajuntaments, empreses p\u00fabliques, i altres, en mat\u00e8ria de Transpar\u00e8ncia, Compliance p\u00fablic i Dret Administratiu en general.<\/p>\n<p>&nbsp;<\/p>\n<p class=\"xmsonormal\">A m\u00e9s, tenim una gran experi\u00e8ncia en la defensa de c\u00e0rrecs electes i funcionaris p\u00fablics davant la jurisdicci\u00f3 penal, intervenint en nombrosos procediments en tot el territori nacional.<\/p>\n<p>&nbsp;<\/p>\n<p class=\"xmsonormal\">Entre molts altres clients, ENTRENA &amp; SANTIN t\u00e9 adjudicada, contractualment, la defensa penal de l&#8217;AJUNTAMENT DE BARCELONA i l&#8217;assessorament en Dret Administratiu de l&#8217;AJUNTAMENT DE GIRONA.<\/p>\n<p>&nbsp;<\/p>\n<p class=\"xmsonormal\">Aix\u00ed mateix, arran dels requisits exigits per l&#8217;Estat i la UE per a l&#8217;adjudicaci\u00f3 de FONS NEXT GENERATION, el Departament de Compliance d\u2019Entrena &amp; Santin, liderat per JES\u00daS SANT\u00cdN ha estat pioner en la implementaci\u00f3 de Plans de Mesures Antifrau en nombrosos ajuntaments.<\/p>\n<p>&nbsp;<\/p>\n<p class=\"xmsonormal\">Finalment, som un dels escass\u00edssims despatxos especialitzats en la defensa de corporacions, c\u00e0rrecs i empleats p\u00fablics en procediments de responsabilitat comptable davant el Tribunal de Comptes<\/p>\n<p>[\/vc_column_text][\/qode_elements_holder_item][\/qode_elements_holder][\/vc_column][\/vc_row][vc_row css_animation=&#8221;&#8221; row_type=&#8221;row&#8221; use_row_as_full_screen_section=&#8221;no&#8221; type=&#8221;full_width&#8221; angled_section=&#8221;no&#8221; text_align=&#8221;left&#8221; background_image_as_pattern=&#8221;without_pattern&#8221;][vc_column][vc_empty_space height=&#8221;40px&#8221;][\/vc_column][\/vc_row]<\/p>\n<\/div>","protected":false},"excerpt":{"rendered":"<p>[vc_row css_animation=&#8221;&#8221; row_type=&#8221;row&#8221; use_row_as_full_screen_section=&#8221;no&#8221; type=&#8221;full_width&#8221; angled_section=&#8221;no&#8221; text_align=&#8221;left&#8221; background_image_as_pattern=&#8221;without_pattern&#8221; padding_top=&#8221;120&#8243; z_index=&#8221;&#8221;][vc_column width=&#8221;1\/2&#8243;][qode_elements_holder number_of_columns=&#8221;one_column&#8221;][qode_elements_holder_item advanced_animations=&#8221;no&#8221; item_padding=&#8221;40px 0 0 35%&#8221;][vc_single_image image=&#8221;19329&#8243; img_size=&#8221;full&#8221; qode_css_animation=&#8221;&#8221;][\/qode_elements_holder_item][\/qode_elements_holder][\/vc_column][vc_column width=&#8221;1\/2&#8243;][vc_single_image image=&#8221;19365&#8243; img_size=&#8221;full&#8221; qode_css_animation=&#8221;&#8221;][\/vc_column][\/vc_row][vc_row css_animation=&#8221;&#8221; row_type=&#8221;row&#8221; use_row_as_full_screen_section=&#8221;no&#8221; type=&#8221;grid&#8221; angled_section=&#8221;no&#8221; text_align=&#8221;left&#8221; background_image_as_pattern=&#8221;without_pattern&#8221; z_index=&#8221;&#8221;][vc_column width=&#8221;5\/12&#8243;][\/vc_column][vc_column offset=&#8221;vc_col-lg-7 vc_col-md-7&#8243; el_class=&#8221;qode-disable-margin&#8221; css=&#8221;.vc_custom_1594896263703{margin-top: -105% !important;}&#8221;][qode_elements_holder number_of_columns=&#8221;one_column&#8221;][qode_elements_holder_item advanced_animations=&#8221;no&#8221; background_image=&#8221;166&#8243; item_padding=&#8221;84px 100px 84px&#8230;<\/p>\n","protected":false},"author":1,"featured_media":0,"parent":0,"menu_order":0,"comment_status":"closed","ping_status":"closed","template":"full_width.php","meta":{"_monsterinsights_skip_tracking":false,"_monsterinsights_sitenote_active":false,"_monsterinsights_sitenote_note":"","_monsterinsights_sitenote_category":0,"footnotes":""},"aioseo_notices":[],"aioseo_head":"\n\t\t<!-- All in One SEO 5.0.1.1 - aioseo.com -->\n\t<meta name=\"description\" content=\"Estem especialitzats en Gesti\u00f3 de crisi, Dret Penal, Dret Administratiu, Compliance, Responsabilitat Comptable, Transpar\u00e8ncia i bon govern\" \/>\n\t<meta name=\"robots\" content=\"max-image-preview:large\" \/>\n\t<link rel=\"canonical\" href=\"https:\/\/entrena-santin.com\/ca\/arees\/\" \/>\n\t<meta name=\"generator\" content=\"All in One SEO (AIOSEO) 5.0.1.1\" \/>\n\t\t<meta property=\"og:locale\" content=\"ca_ES\" \/>\n\t\t<meta property=\"og:site_name\" content=\"Entrena&amp;Sant\u00edn - Entrena&amp;Sant\u00edn Abogados\" \/>\n\t\t<meta property=\"og:type\" content=\"article\" \/>\n\t\t<meta property=\"og:title\" content=\"\u00c0rees | Entrena&amp;Sant\u00edn Advocats\" \/>\n\t\t<meta property=\"og:description\" content=\"Estem especialitzats en Gesti\u00f3 de crisi, Dret Penal, Dret Administratiu, Compliance, Responsabilitat Comptable, Transpar\u00e8ncia i bon govern\" \/>\n\t\t<meta property=\"og:url\" content=\"https:\/\/entrena-santin.com\/ca\/arees\/\" \/>\n\t\t<meta property=\"article:published_time\" content=\"2021-10-29T07:34:16+00:00\" \/>\n\t\t<meta property=\"article:modified_time\" content=\"2022-06-07T11:25:33+00:00\" \/>\n\t\t<meta name=\"twitter:card\" content=\"summary\" \/>\n\t\t<meta name=\"twitter:title\" content=\"\u00c0rees | Entrena&amp;Sant\u00edn Advocats\" \/>\n\t\t<meta name=\"twitter:description\" content=\"Estem especialitzats en Gesti\u00f3 de crisi, Dret Penal, Dret Administratiu, Compliance, Responsabilitat Comptable, Transpar\u00e8ncia i bon govern\" \/>\n\t\t<script type=\"application\/ld+json\" class=\"aioseo-schema\">\n\t\t\t{\"@context\":\"https:\\\/\\\/schema.org\",\"@graph\":[{\"@type\":\"BreadcrumbList\",\"@id\":\"https:\\\/\\\/entrena-santin.com\\\/ca\\\/arees\\\/#breadcrumblist\",\"itemListElement\":[{\"@type\":\"ListItem\",\"@id\":\"https:\\\/\\\/entrena-santin.com\\\/ca\\\/#listItem\",\"position\":1,\"name\":\"Inicio\",\"item\":\"https:\\\/\\\/entrena-santin.com\\\/ca\\\/\",\"nextItem\":{\"@type\":\"ListItem\",\"@id\":\"https:\\\/\\\/entrena-santin.com\\\/ca\\\/arees\\\/#listItem\",\"name\":\"\\u00c0rees\"}},{\"@type\":\"ListItem\",\"@id\":\"https:\\\/\\\/entrena-santin.com\\\/ca\\\/arees\\\/#listItem\",\"position\":2,\"name\":\"\\u00c0rees\",\"previousItem\":{\"@type\":\"ListItem\",\"@id\":\"https:\\\/\\\/entrena-santin.com\\\/ca\\\/#listItem\",\"name\":\"Inicio\"}}]},{\"@type\":\"Organization\",\"@id\":\"https:\\\/\\\/entrena-santin.com\\\/ca\\\/#organization\",\"name\":\"Entrena\",\"description\":\"Entrena&Sant\\u00edn Abogados\",\"url\":\"https:\\\/\\\/entrena-santin.com\\\/ca\\\/\"},{\"@type\":\"WebPage\",\"@id\":\"https:\\\/\\\/entrena-santin.com\\\/ca\\\/arees\\\/#webpage\",\"url\":\"https:\\\/\\\/entrena-santin.com\\\/ca\\\/arees\\\/\",\"name\":\"\\u00c0rees | Entrena&Sant\\u00edn Advocats\",\"description\":\"Estem especialitzats en Gesti\\u00f3 de crisi, Dret Penal, Dret Administratiu, Compliance, Responsabilitat Comptable, Transpar\\u00e8ncia i bon govern\",\"inLanguage\":\"ca\",\"isPartOf\":{\"@id\":\"https:\\\/\\\/entrena-santin.com\\\/ca\\\/#website\"},\"breadcrumb\":{\"@id\":\"https:\\\/\\\/entrena-santin.com\\\/ca\\\/arees\\\/#breadcrumblist\"},\"datePublished\":\"2021-10-29T07:34:16+00:00\",\"dateModified\":\"2022-06-07T11:25:33+00:00\"},{\"@type\":\"WebSite\",\"@id\":\"https:\\\/\\\/entrena-santin.com\\\/ca\\\/#website\",\"url\":\"https:\\\/\\\/entrena-santin.com\\\/ca\\\/\",\"name\":\"Entrena&Sant\\u00edn\",\"description\":\"Entrena&Sant\\u00edn Abogados\",\"inLanguage\":\"ca\",\"publisher\":{\"@id\":\"https:\\\/\\\/entrena-santin.com\\\/ca\\\/#organization\"}}]}\n\t\t<\/script>\n\t\t<!-- All in One SEO -->\n\n","aioseo_head_json":{"title":"\u00c0rees | Entrena&Sant\u00edn Advocats","description":"Estem especialitzats en Gesti\u00f3 de crisi, Dret Penal, Dret Administratiu, Compliance, Responsabilitat Comptable, Transpar\u00e8ncia i bon govern","canonical_url":"https:\/\/entrena-santin.com\/ca\/arees\/","robots":"max-image-preview:large","keywords":"","webmasterTools":{"miscellaneous":""},"schema":{"@context":"https:\/\/schema.org","@graph":[{"@type":"BreadcrumbList","@id":"https:\/\/entrena-santin.com\/ca\/arees\/#breadcrumblist","itemListElement":[{"@type":"ListItem","@id":"https:\/\/entrena-santin.com\/ca\/#listItem","position":1,"name":"Inicio","item":"https:\/\/entrena-santin.com\/ca\/","nextItem":{"@type":"ListItem","@id":"https:\/\/entrena-santin.com\/ca\/arees\/#listItem","name":"\u00c0rees"}},{"@type":"ListItem","@id":"https:\/\/entrena-santin.com\/ca\/arees\/#listItem","position":2,"name":"\u00c0rees","previousItem":{"@type":"ListItem","@id":"https:\/\/entrena-santin.com\/ca\/#listItem","name":"Inicio"}}]},{"@type":"Organization","@id":"https:\/\/entrena-santin.com\/ca\/#organization","name":"Entrena","description":"Entrena&Sant\u00edn Abogados","url":"https:\/\/entrena-santin.com\/ca\/"},{"@type":"WebPage","@id":"https:\/\/entrena-santin.com\/ca\/arees\/#webpage","url":"https:\/\/entrena-santin.com\/ca\/arees\/","name":"\u00c0rees | Entrena&Sant\u00edn Advocats","description":"Estem especialitzats en Gesti\u00f3 de crisi, Dret Penal, Dret Administratiu, Compliance, Responsabilitat Comptable, Transpar\u00e8ncia i bon govern","inLanguage":"ca","isPartOf":{"@id":"https:\/\/entrena-santin.com\/ca\/#website"},"breadcrumb":{"@id":"https:\/\/entrena-santin.com\/ca\/arees\/#breadcrumblist"},"datePublished":"2021-10-29T07:34:16+00:00","dateModified":"2022-06-07T11:25:33+00:00"},{"@type":"WebSite","@id":"https:\/\/entrena-santin.com\/ca\/#website","url":"https:\/\/entrena-santin.com\/ca\/","name":"Entrena&Sant\u00edn","description":"Entrena&Sant\u00edn Abogados","inLanguage":"ca","publisher":{"@id":"https:\/\/entrena-santin.com\/ca\/#organization"}}]},"og:locale":"ca_ES","og:site_name":"Entrena&amp;Sant\u00edn - Entrena&amp;Sant\u00edn Abogados","og:type":"article","og:title":"\u00c0rees | Entrena&amp;Sant\u00edn Advocats","og:description":"Estem especialitzats en Gesti\u00f3 de crisi, Dret Penal, Dret Administratiu, Compliance, Responsabilitat Comptable, Transpar\u00e8ncia i bon govern","og:url":"https:\/\/entrena-santin.com\/ca\/arees\/","article:published_time":"2021-10-29T07:34:16+00:00","article:modified_time":"2022-06-07T11:25:33+00:00","twitter:card":"summary","twitter:title":"\u00c0rees | Entrena&amp;Sant\u00edn Advocats","twitter:description":"Estem especialitzats en Gesti\u00f3 de crisi, Dret Penal, Dret Administratiu, Compliance, Responsabilitat Comptable, Transpar\u00e8ncia i bon govern"},"aioseo_meta_data":{"post_id":"19414","title":"#post_title | #site_title&nbsp;Advocats","description":"Estem especialitzats en Gesti\u00f3 de crisi, Dret Penal, Dret Administratiu, Compliance, Responsabilitat Comptable, Transpar\u00e8ncia i bon govern","keywords":[],"keyphrases":{"focus":{"keyphrase":"","score":0,"analysis":{"keyphraseInTitle":{"score":0,"maxScore":9,"error":1}}},"additional":[]},"primary_term":null,"canonical_url":null,"og_title":null,"og_description":null,"og_object_type":"default","og_image_type":"default","og_image_url":null,"og_image_width":null,"og_image_height":null,"og_image_custom_url":null,"og_image_custom_fields":null,"og_video":"","og_custom_url":null,"og_article_section":null,"og_article_tags":[],"twitter_use_og":false,"twitter_card":"default","twitter_image_type":"default","twitter_image_url":null,"twitter_image_custom_url":null,"twitter_image_custom_fields":null,"twitter_title":null,"twitter_description":null,"schema":{"blockGraphs":[],"customGraphs":[],"default":{"data":{"Article":[],"Course":[],"Dataset":[],"FAQPage":[],"Movie":[],"Person":[],"Product":[],"ProductReview":[],"Car":[],"Recipe":[],"Service":[],"SoftwareApplication":[],"WebPage":[]},"graphName":"","isEnabled":true},"graphs":[],"defaultGraph":"WebPage","defaultPostTypeGraph":""},"schema_type":"default","schema_type_options":"{\"article\":{\"articleType\":\"BlogPosting\"},\"course\":{\"name\":\"\",\"description\":\"\",\"provider\":\"\"},\"faq\":{\"pages\":[]},\"product\":{\"reviews\":[]},\"recipe\":{\"ingredients\":[],\"instructions\":[],\"keywords\":[]},\"software\":{\"reviews\":[],\"operatingSystems\":[]},\"webPage\":{\"webPageType\":\"WebPage\"}}","pillar_content":false,"robots_default":true,"robots_noindex":false,"robots_noarchive":false,"robots_nosnippet":false,"robots_nofollow":false,"robots_noimageindex":false,"robots_noodp":false,"robots_notranslate":false,"robots_max_snippet":"-1","robots_max_videopreview":"-1","robots_max_imagepreview":"large","priority":null,"frequency":"default","local_seo":null,"breadcrumb_settings":null,"limit_modified_date":false,"ai":null,"created":"2021-10-29 07:34:16","updated":"2025-06-04 22:38:02","seo_analyzer_scan_date":null,"focus_keyword":null,"additional_keywords":null,"truseo_locale":null},"aioseo_breadcrumb":"<div class=\"aioseo-breadcrumbs\"><span class=\"aioseo-breadcrumb\">\n\t\t\t<a href=\"https:\/\/entrena-santin.com\/ca\/\" title=\"Inicio\">Inicio<\/a>\n\t\t<\/span><span class=\"aioseo-breadcrumb-separator\">&raquo;<\/span><span class=\"aioseo-breadcrumb\">\n\t\t\t\u00c0rees\n\t\t<\/span><\/div>","aioseo_breadcrumb_json":[{"label":"Inicio","link":"https:\/\/entrena-santin.com\/ca\/"},{"label":"\u00c0rees","link":"https:\/\/entrena-santin.com\/ca\/arees\/"}],"_links":{"self":[{"href":"https:\/\/entrena-santin.com\/ca\/wp-json\/wp\/v2\/pages\/19414"}],"collection":[{"href":"https:\/\/entrena-santin.com\/ca\/wp-json\/wp\/v2\/pages"}],"about":[{"href":"https:\/\/entrena-santin.com\/ca\/wp-json\/wp\/v2\/types\/page"}],"author":[{"embeddable":true,"href":"https:\/\/entrena-santin.com\/ca\/wp-json\/wp\/v2\/users\/1"}],"replies":[{"embeddable":true,"href":"https:\/\/entrena-santin.com\/ca\/wp-json\/wp\/v2\/comments?post=19414"}],"version-history":[{"count":8,"href":"https:\/\/entrena-santin.com\/ca\/wp-json\/wp\/v2\/pages\/19414\/revisions"}],"predecessor-version":[{"id":19706,"href":"https:\/\/entrena-santin.com\/ca\/wp-json\/wp\/v2\/pages\/19414\/revisions\/19706"}],"wp:attachment":[{"href":"https:\/\/entrena-santin.com\/ca\/wp-json\/wp\/v2\/media?parent=19414"}],"curies":[{"name":"wp","href":"https:\/\/api.w.org\/{rel}","templated":true}]}}